{"id":10346,"date":"2012-07-26T14:00:08","date_gmt":"2012-07-26T12:00:08","guid":{"rendered":"http:\/\/www.sv-constantin-herne.de\/?page_id=10346"},"modified":"2026-08-10T20:13:17","modified_gmt":"2026-08-10T18:13:17","slug":"termine-2","status":"publish","type":"page","link":"https:\/\/www.sv-zeppelin.de\/?page_id=10346","title":{"rendered":"Termine"},"content":{"rendered":"<h1><span style=\"text-decoration: underline; color: #000000;\"><span style=\"font-size: 18pt;\">Termine der Mannschaftsmeisterschaft 2026\/2027<\/span><\/span><\/h1>\n<h3><b>1. Kreisliga<\/b><\/h3>\n<p>Runde 1\u00a0\u00a0\u00a0\u00a0\u00a0 27.09.2026\u00a0\u00a0\u00a0\u00a0\u00a0\u00a0\u00a0 <strong>\u00a0<\/strong>SV Erkenschwick 6\u00a0 \u00a0 \u00a0 \u00a0 \u00a0 \u00a0 \u00a0 \u00a0 &#8211;\u00a0\u00a0 \u00a0<strong> SV Zeppelin Herne\u00a0<\/strong><\/p>\n<p>Runde 2\u00a0\u00a0\u00a0\u00a0\u00a0 11.10.2026\u00a0 \u00a0 \u00a0 \u00a0 \u00a0<strong>SV Zeppelin Herne\u00a0 \u00a0 \u00a0 \u00a0 \u00a0 \u00a0 &#8211;\u00a0\u00a0\u00a0\u00a0<\/strong> SV Waltrop 3<\/p>\n<p>Runde 3\u00a0 \u00a0 \u00a0 15.11.2026\u00a0 \u00a0 \u00a0 \u00a0 \u00a0SG Drewer 2<strong>\u00a0 \u00a0 \u00a0 \u00a0 \u00a0 \u00a0 \u00a0 \u00a0 \u00a0 \u00a0 \u00a0 \u00a0&#8211;\u00a0\u00a0\u00a0 \u00a0SV Zeppelin Herne<\/strong><\/p>\n<p>Runde 4\u00a0\u00a0\u00a0\u00a0\u00a0 20.12.2026\u00a0 \u00a0 \u00a0 \u00a0 \u00a0 <strong>SV Zeppelin Herne\u00a0 \u00a0 \u00a0 \u00a0 \u00a0 \u00a0 &#8211;\u00a0\u00a0\u00a0 \u00a0<\/strong>SG Suderwich<strong>\u00a0<\/strong><\/p>\n<p>Runde 5\u00a0\u00a0\u00a0\u00a0\u00a0 07.02.2027\u00a0 \u00a0 \u00a0 \u00a0 \u00a0SC Re Altstadt<strong>\u00a0 \u00a0 \u00a0 \u00a0 \u00a0 \u00a0 \u00a0 \u00a0 \u00a0 \u00a0 \u00a0 &#8211;\u00a0\u00a0\u00a0 \u00a0SV Zeppelin Herne<\/strong><\/p>\n<p>Runde 6\u00a0\u00a0\u00a0\u00a0\u00a0 28.02.2027\u00a0 \u00a0 \u00a0 \u00a0 \u00a0 <strong>SV Zeppelin Herne\u00a0 \u00a0 \u00a0 \u00a0 \u00a0 \u00a0 &#8211;\u00a0 \u00a0 \u00a0 <\/strong>SV KS Haltern 2<strong>\u00a0<\/strong><\/p>\n<p>Runde 7\u00a0\u00a0\u00a0\u00a0\u00a0 04.03.2027\u00a0 \u00a0 \u00a0 \u00a0 \u00a0SK Sodingen Castrop 3\u00a0 \u00a0 \u00a0 \u00a0 &#8211;\u00a0\u00a0 \u00a0<strong> SV Zeppelin Herne\u00a0<\/strong><\/p>\n<p>Runde 8\u00a0 \u00a0 \u00a0 11.04.2027\u00a0 \u00a0 \u00a0 \u00a0 \u00a0SV Unser Fritz 4\u00a0 \u00a0 \u00a0 \u00a0 \u00a0 \u00a0 \u00a0 \u00a0 \u00a0 \u00a0 <strong>&#8211;\u00a0\u00a0\u00a0 \u00a0SV Zeppelin Herne<\/strong><strong>\u00a0 \u00a0 <\/strong><\/p>\n<p>Runde 9\u00a0\u00a0\u00a0\u00a0\u00a0 02.05.2027\u00a0 \u00a0 \u00a0 \u00a0 \u00a0<strong>SV Zeppelin Herne <\/strong>\u00a0 \u00a0 \u00a0 \u00a0 \u00a0 \u00a0&#8211;\u00a0\u00a0\u00a0 \u00a0SV Unser Fritz 3<\/p>\n<p>&nbsp;<\/p>\n<h3><b>Kreisklasse A<\/b><\/h3>\n<p>Runde \u00a0\u00a01\u00a0\u00a0 06.09.2026 \u00a0\u00a0\u00a0\u00a0\u00a0\u00a0\u00a0 <strong>\u00a0SV Zeppelin Herne 2<\/strong>\u00a0 \u00a0 \u00a0 \u00a0 \u00a0 \u00a0 &#8211;\u00a0 \u00a0 \u00a0 SG Drewer 4<\/p>\n<p>Runde\u00a0 \u00a02\u00a0\u00a0 29.11.2026 \u00a0\u00a0\u00a0\u00a0\u00a0\u00a0\u00a0 \u00a0Rochade Disteln 3<strong>\u00a0 \u00a0 \u00a0 \u00a0 \u00a0 \u00a0 \u00a0 \u00a0 \u00a0 \u00a0 &#8211;\u00a0\u00a0\u00a0\u00a0 \u00a0SV Zeppelin Herne 2<\/strong><\/p>\n<p>Runde\u00a0 \u00a03\u00a0\u00a0 21.02.2027\u00a0\u00a0\u00a0\u00a0\u00a0\u00a0\u00a0\u00a0 <strong>\u00a0SV Zeppelin Herne 2<\/strong>\u00a0 \u00a0 \u00a0 \u00a0 \u00a0 \u00a0 &#8211;\u00a0 \u00a0 \u00a0 SV Unser Fritz 6<\/p>\n<p>Runde \u00a0\u00a04\u00a0\u00a0 18.04.2027\u00a0\u00a0\u00a0\u00a0\u00a0\u00a0\u00a0\u00a0 SV Erkenschwick 7<strong>\u00a0 \u00a0 \u00a0 \u00a0 \u00a0 \u00a0 \u00a0 \u00a0 \u00a0 \u00a0 \u00a0&#8211;\u00a0\u00a0\u00a0\u00a0 \u00a0SV Zeppelin Herne 2<\/strong><\/p>\n<p>Runde \u00a0\u00a05\u00a0\u00a0 23.05.2027 \u00a0\u00a0\u00a0\u00a0\u00a0\u00a0\u00a0 <strong>\u00a0SV Zeppelin Herne 2<\/strong>\u00a0 \u00a0 \u00a0 \u00a0 \u00a0 \u00a0 &#8211;\u00a0\u00a0\u00a0\u00a0 \u00a0Re SV S\u00fcd\/Ost 4<\/p>\n<p>&nbsp;<\/p>\n<h3><b>Kreisklasse B<\/b><\/h3>\n<p>Runde \u00a0\u00a01\u00a0\u00a0 06.09.2026 \u00a0\u00a0\u00a0\u00a0\u00a0\u00a0\u00a0 <strong>\u00a0SV Zeppelin Herne 3<\/strong>\u00a0 \u00a0 \u00a0 \u00a0 \u00a0 \u00a0 &#8211;\u00a0 \u00a0 \u00a0 SK Sodingen Castrop 5<\/p>\n<p>Runde\u00a0 \u00a02\u00a0\u00a0 29.11.2026 \u00a0\u00a0\u00a0\u00a0\u00a0\u00a0\u00a0 SV Waltrop 5<strong>\u00a0 \u00a0 \u00a0 \u00a0 \u00a0 \u00a0 \u00a0 \u00a0 \u00a0 \u00a0 \u00a0 \u00a0 \u00a0 \u00a0 \u00a0&#8211;\u00a0\u00a0\u00a0\u00a0 \u00a0SV Zeppelin Herne 3<\/strong><\/p>\n<p>Runde\u00a0 \u00a03\u00a0\u00a0 21.02.2027\u00a0\u00a0\u00a0\u00a0\u00a0\u00a0\u00a0\u00a0 <strong>\u00a0SV Zeppelin Herne 3<\/strong>\u00a0 \u00a0 \u00a0 \u00a0 \u00a0 \u00a0 &#8211;\u00a0 \u00a0 \u00a0 SV Unser Fritz 7<\/p>\n<p>Runde \u00a0\u00a04\u00a0\u00a0 18.04.2027\u00a0\u00a0\u00a0\u00a0\u00a0\u00a0\u00a0\u00a0 SV Erkenschwick 8<strong>\u00a0 \u00a0 \u00a0 \u00a0 \u00a0 \u00a0 \u00a0 \u00a0 \u00a0 \u00a0 \u00a0&#8211;\u00a0\u00a0\u00a0\u00a0 \u00a0SV Zeppelin Herne 3<\/strong><\/p>\n<p>Runde \u00a0\u00a05\u00a0\u00a0 23.05.2027 \u00a0\u00a0\u00a0\u00a0\u00a0\u00a0\u00a0 <strong>\u00a0SV Zeppelin Herne 3<\/strong>\u00a0 \u00a0 \u00a0 \u00a0 \u00a0 \u00a0 &#8211;\u00a0 \u00a0 \u00a0 SG Suderwich 2<\/p>\n<p>&nbsp;<\/p>\n<h1><span style=\"text-decoration: underline; color: #000000;\"><span style=\"font-size: 18pt;\">Termine des SB Herne-Vest 2026\/2027<\/span><\/span><\/h1>\n<p>&nbsp;<\/p>\n<p dir=\"ltr\" style=\"padding-left: 40px;\"><b>Bezirkseinzelmeisterschaft<\/b><\/p>\n<p dir=\"ltr\" style=\"padding-left: 40px;\"><span style=\"color: #ffff99;\"><span style=\"color: #000000;\"><strong>Datum<\/strong>: Freitag, den\u00a0<\/span><\/span><br \/>\n<span style=\"color: #000000;\"><strong>Ort<\/strong>:\u00a0 \u00a0 \u00a0 SV Springer Recklinghausen S\u00fcd, B\u00fcrgerhaus S\u00fcd,<br \/>\nTheodor-K\u00f6rner-Platz, Recklinghausen<\/span><br \/>\n<span style=\"color: #000000;\"><strong>Uhrzeit<\/strong>: jeweils 19.00 Uhr<\/span><br \/>\n<span style=\"color: #000000;\"><strong>Modus<\/strong>: CH-System (90 Min\/40 Z\u00fcge + 30 Minuten f\u00fcr Rest +\u00a030 Sek.\/Zug)<\/span><br \/>\n<span style=\"color: #000000;\"><strong>Info<\/strong>:\u00a0 \u00a0 Das Reuegeld in H\u00f6he von 20,- Euro ist vor der ersten Runde zu zahlen.<\/span><\/p>\n<p dir=\"ltr\" style=\"padding-left: 40px;\"><span style=\"color: #000000;\">Meldeschluss ist der , 18.45 Uhr.<\/span><\/p>\n<p dir=\"ltr\"><span style=\"color: #ffff99;\">.<\/span><\/p>\n<p dir=\"ltr\" style=\"padding-left: 40px;\"><span style=\"color: #ff0000;\">Pflichtspieltermin<\/span><\/p>\n<p dir=\"ltr\" style=\"padding-left: 40px;\"><b>Mannschafts(Vierer)blitz<\/b><\/p>\n<p dir=\"ltr\" style=\"padding-left: 40px;\"><span style=\"color: #ffff99;\"><span style=\"color: #000000;\"><strong>Datum<\/strong>:\u00a0 Samstag, den\u00a0<\/span><\/span><br \/>\n<span style=\"color: #ffff99;\"><span style=\"color: #000000;\"><strong>Ort<\/strong>:<\/span>\u00a0 \u00a0 \u00a0 \u00a0<span style=\"color: #000000;\">SG Rochade Disteln, Pfarrzentrum St. Josef Disteln, Kirchstra\u00dfe 7, 45669 Herten<\/span><\/span><br \/>\n<span style=\"color: #ffff99;\"><span style=\"color: #000000;\"><strong>Uhrzeit<\/strong>:<\/span> <span style=\"color: #000000;\">Meldeschluss 13.45 Uhr, Turnierbeginn ca. 14.00 Uhr<\/span><\/span><br \/>\n<span style=\"color: #ffff99;\"><span style=\"color: #000000;\"><strong>Modus<\/strong>:<\/span>\u00a0<span style=\"color: #000000;\">\u00a0Bedenkzeit 3 Min. je Spieler + 2 Sec. je Zug<\/span><\/span><\/p>\n<p dir=\"ltr\" style=\"padding-left: 40px;\"><span style=\"color: #000000;\">Bitte 2 Spiels\u00e4tze (mit Digitaluhren) mitbringen!<\/span><\/p>\n<p dir=\"ltr\"><span style=\"color: #fffff0;\">.<\/span><\/p>\n<p dir=\"ltr\" style=\"padding-left: 40px;\"><b>Blitzeinzelmeisterschaft<\/b><\/p>\n<p dir=\"ltr\" style=\"padding-left: 40px;\"><span style=\"color: #ffff99;\"><span style=\"color: #000000;\"><strong>Datum<\/strong>:\u00a0 <\/span><span style=\"color: #000000;\">Samstag, den\u00a0<\/span><\/span><br \/>\n<span style=\"color: #ffff99;\"><span style=\"color: #000000;\"><strong>Ort<\/strong>:\u00a0 \u00a0 \u00a0 \u00a0SG Drewer, in der Schule (hinterer Eingang) Hagenstr.15, 45768 Marl<\/span><br \/>\n<span style=\"color: #000000;\"><strong>Uhrzeit<\/strong>: Meldeschluss 13.45 Uhr, Turnierbeginn ca. 14.00 Uhr<br \/>\n<strong>Modus<\/strong>:\u00a0\u00a0Bedenkzeit 3 Min. je Spieler + 2 Sec. je Zug<br \/>\n<\/span><\/span><\/p>\n<p dir=\"ltr\"><span style=\"color: #ffffff;\">.<\/span><\/p>\n<p style=\"padding-left: 40px;\"><b>D\u00e4hnepokal<\/b><\/p>\n<p dir=\"ltr\" style=\"padding-left: 40px;\"><span style=\"color: #ffff99;\"><span style=\"color: #000000;\"><strong>Datum<\/strong>:\u00a0 Freitag, den\u00a0<\/span><\/span><br \/>\n<span style=\"color: #ffff99;\"><span style=\"color: #000000;\"><strong>Ort<\/strong>:\u00a0<\/span>\u00a0 \u00a0 \u00a0 <span style=\"color: #000000;\">SV Erkenschwick, Hotel Stimbergpark, Am Stimbergpark 78, 45739 Oer-Erkenschwick<\/span><\/span><br \/>\n<span style=\"color: #000000;\"><strong>Uhrzeit<\/strong>: n.n.b.<\/span><\/p>\n<p dir=\"ltr\"><span style=\"color: #ffff99;\">.<\/span><\/p>\n<p dir=\"ltr\" style=\"padding-left: 40px;\"><span style=\"color: #ff0000;\">Pflichtspieltermin<\/span><br \/>\n<b>Viererpokal<\/b><br \/>\n<span style=\"color: #ffff99;\"><span style=\"color: #000000;\"><strong>Datum<\/strong>:<\/span> <span style=\"color: #000000;\">Samstag, den\u00a0<\/span><\/span><br \/>\n<span style=\"color: #ffff99;\"><span style=\"color: #000000;\"><strong>Ort<\/strong>:\u00a0 \u00a0 \u00a0 SK Sodingen Castrop,\u00a0<\/span><\/span><span style=\"color: #000000;\">Sportzentrum Falkschule,<\/span><span style=\"color: #000000;\">\u00a0<\/span><span style=\"color: #000000;\">Castroper Str. 184, Herne-B\u00f6rnig<br \/>\n<\/span><span style=\"color: #ffff99;\"><span style=\"color: #000000;\"><strong>Uhrzeit<\/strong>:<\/span>.<span style=\"color: #000000;\">n.n.b.<\/span><\/span><br \/>\n<span style=\"color: #000000;\"><strong>Modus<\/strong>:..KO-System (25 Minuten plus 10 Sekunden Bonus)<\/span><\/p>\n<p>&nbsp;<\/p>\n","protected":false},"excerpt":{"rendered":"<p>Termine der Mannschaftsmeisterschaft 2026\/2027 1. Kreisliga Runde 1\u00a0\u00a0\u00a0\u00a0\u00a0 27.09.2026\u00a0\u00a0\u00a0\u00a0\u00a0\u00a0\u00a0 \u00a0SV Erkenschwick 6\u00a0 \u00a0 \u00a0 \u00a0 \u00a0 \u00a0 \u00a0 \u00a0 &#8211;\u00a0\u00a0 \u00a0 SV Zeppelin Herne\u00a0 Runde 2\u00a0\u00a0\u00a0\u00a0\u00a0 11.10.2026\u00a0 \u00a0 \u00a0 \u00a0 \u00a0SV Zeppelin Herne\u00a0 \u00a0&#46;&#46;&#46;<\/p>\n","protected":false},"author":3,"featured_media":0,"parent":0,"menu_order":0,"comment_status":"open","ping_status":"open","template":"","meta":{"footnotes":""},"class_list":["post-10346","page","type-page","status-publish","hentry"],"_links":{"self":[{"href":"https:\/\/www.sv-zeppelin.de\/index.php?rest_route=\/wp\/v2\/pages\/10346","targetHints":{"allow":["GET"]}}],"collection":[{"href":"https:\/\/www.sv-zeppelin.de\/index.php?rest_route=\/wp\/v2\/pages"}],"about":[{"href":"https:\/\/www.sv-zeppelin.de\/index.php?rest_route=\/wp\/v2\/types\/page"}],"author":[{"embeddable":true,"href":"https:\/\/www.sv-zeppelin.de\/index.php?rest_route=\/wp\/v2\/users\/3"}],"replies":[{"embeddable":true,"href":"https:\/\/www.sv-zeppelin.de\/index.php?rest_route=%2Fwp%2Fv2%2Fcomments&post=10346"}],"version-history":[{"count":13,"href":"https:\/\/www.sv-zeppelin.de\/index.php?rest_route=\/wp\/v2\/pages\/10346\/revisions"}],"predecessor-version":[{"id":38367,"href":"https:\/\/www.sv-zeppelin.de\/index.php?rest_route=\/wp\/v2\/pages\/10346\/revisions\/38367"}],"wp:attachment":[{"href":"https:\/\/www.sv-zeppelin.de\/index.php?rest_route=%2Fwp%2Fv2%2Fmedia&parent=10346"}],"curies":[{"name":"wp","href":"https:\/\/api.w.org\/{rel}","templated":true}]}}